{"id":3924,"date":"2015-07-23T22:30:56","date_gmt":"2015-07-23T22:30:56","guid":{"rendered":"http:\/\/demo-content.kaliumtheme.com\/main\/?page_id=3924"},"modified":"2015-07-23T22:30:56","modified_gmt":"2015-07-23T22:30:56","slug":"blog-widgets","status":"publish","type":"page","link":"https:\/\/neustadtarchitekten.de\/en\/blog-widgets\/","title":{"rendered":"Blog Widgets"},"content":{"rendered":"<div class=\"wpb-content-wrapper\"><div class=\"vc-row-container container\"><div class=\"vc_row wpb_row vc_row-fluid\"><div class=\"wpb_column vc_column_container vc_col-sm-12\"><div class=\"vc_column-inner\"><div class=\"wpb_wrapper\"><div class=\"section-title\">\n    <h2>Four Columns &amp; Image on Top<\/h2>\n<\/div>    <div id=\"blogposts-136569f2a499cef78\"\n         class=\"row lab-blog-posts cols-4 posts-layout-top display-loading\"  data-masonry-mode=\"fitRows\">\n\n\t\t<div class=\"blog-post-column\">                <div class=\"blog-post-entry post-8152 post type-post status-publish format-standard has-post-thumbnail hentry category-aktuelles category-allgemein category-blog\">\n\t\t\t\t\t                            <div class=\"blog-post-image\">\n                                <a href=\"https:\/\/neustadtarchitekten.de\/en\/gemeinsam-fuer-die-zukunft-nachbarschaftlich-sanieren-in-schnelsen\/\" target=\"\" rel=\"bookmark\">\n\n\t\t\t\t\t\t\t\t\t<span class=\"image-placeholder\" style=\"padding-bottom:62.50000000%\"><img class=\"img-responsive  img-1 lazyload\" width=\"400\" height=\"250\" alt=\"H\u00e4userreihe_copyright Bezirksamt Eimsb\u00fcttel\" title=\"H\u00e4userreihe_copyright Bezirksamt Eimsb\u00fcttel\" loading=\"lazy\" data-src=\"https:\/\/neustadtarchitekten.de\/wp-content\/uploads\/2025\/09\/Haeuserreihe_copyright-Bezirksamt-Eimsbuettel--400x250.jpg\" \/><\/span>\n                                    <span class=\"hover-display with-spacing\">\n\t\t\t\t\t\t\t\t\t                                        <i class=\"icon-basic-link\"><\/i>\n\t\t\t\t\t\t\t\t\t\t\t\t\t\t\t\t\t<\/span>\n                                <\/a>\n                            <\/div>\n\t\t\t\t\t\t\t                    <div class=\"blog-post-content-container\">\n\n\t\t\t\t\t\t\n                        <h3 class=\"blog-post-title\">\n                            <a href=\"https:\/\/neustadtarchitekten.de\/en\/gemeinsam-fuer-die-zukunft-nachbarschaftlich-sanieren-in-schnelsen\/\" target=\"\" rel=\"bookmark\">Infoveranstaltung 06.10.25 18h: Nachbarschaftlich Sanieren in Schnelsen<\/a>\n                        <\/h3>\n\n\t\t\t\t\t\t                            <div class=\"blog-post-excerpt\">\n\t\t\t\t\t\t\t\t<p>Gerade \u00e4ltere Wohnh\u00e4user bieten ein enormes Potenzial zur Energieeinsparung \u2013 wenn sie richtig saniert werden.<\/p>\n                            <\/div>\n\t\t\t\t\t\t\n                        \n                    <\/div>\n\t\t\t\t\t                <\/div>\n\t\t\t\t<\/div><div class=\"blog-post-column\">                <div class=\"blog-post-entry post-8142 post type-post status-publish format-standard has-post-thumbnail hentry category-aktuelles category-allgemein category-blog\">\n\t\t\t\t\t                            <div class=\"blog-post-image\">\n                                <a href=\"https:\/\/neustadtarchitekten.de\/en\/petra-diesing-im-podcast-architektur-fuer-gemeinschaft\/\" target=\"\" rel=\"bookmark\">\n\n\t\t\t\t\t\t\t\t\t<span class=\"image-placeholder\" style=\"padding-bottom:62.50000000%\"><img class=\"img-responsive  img-2 lazyload\" width=\"400\" height=\"250\" alt=\"Podcast Cover - Website &amp; LinkedIn\" title=\"Podcast Cover - Website &amp; LinkedIn\" loading=\"lazy\" data-src=\"https:\/\/neustadtarchitekten.de\/wp-content\/uploads\/2025\/08\/Podcast-Cover-Website-LinkedIn-400x250.png\" \/><\/span>\n                                    <span class=\"hover-display with-spacing\">\n\t\t\t\t\t\t\t\t\t                                        <i class=\"icon-basic-link\"><\/i>\n\t\t\t\t\t\t\t\t\t\t\t\t\t\t\t\t\t<\/span>\n                                <\/a>\n                            <\/div>\n\t\t\t\t\t\t\t                    <div class=\"blog-post-content-container\">\n\n\t\t\t\t\t\t\n                        <h3 class=\"blog-post-title\">\n                            <a href=\"https:\/\/neustadtarchitekten.de\/en\/petra-diesing-im-podcast-architektur-fuer-gemeinschaft\/\" target=\"\" rel=\"bookmark\">Petra Diesing im Podcast: Architektur f\u00fcr Gemeinschaft<\/a>\n                        <\/h3>\n\n\t\t\t\t\t\t                            <div class=\"blog-post-excerpt\">\n\t\t\t\t\t\t\t\t<p>Petra Diesing im Podcast \u00fcber gemeinschaftsf\u00f6rdernde Architektur und Baugemeinschaften<\/p>\n                            <\/div>\n\t\t\t\t\t\t\n                        \n                    <\/div>\n\t\t\t\t\t                <\/div>\n\t\t\t\t<\/div><div class=\"blog-post-column\">                <div class=\"blog-post-entry post-8123 post type-post status-publish format-standard has-post-thumbnail hentry category-allgemein\">\n\t\t\t\t\t                            <div class=\"blog-post-image\">\n                                <a href=\"https:\/\/neustadtarchitekten.de\/en\/vortrag-von-neustadtarchitekten-beim-wia-festival-2025\/\" target=\"\" rel=\"bookmark\">\n\n\t\t\t\t\t\t\t\t\t<span class=\"image-placeholder\" style=\"padding-bottom:62.50000000%\"><img class=\"img-responsive  img-3 lazyload\" width=\"400\" height=\"250\" alt=\"20250619-7RV06243\" title=\"20250619-7RV06243\" loading=\"lazy\" data-src=\"https:\/\/neustadtarchitekten.de\/wp-content\/uploads\/2025\/06\/20250619-7RV06243-400x250.jpg\" \/><\/span>\n                                    <span class=\"hover-display with-spacing\">\n\t\t\t\t\t\t\t\t\t                                        <i class=\"icon-basic-link\"><\/i>\n\t\t\t\t\t\t\t\t\t\t\t\t\t\t\t\t\t<\/span>\n                                <\/a>\n                            <\/div>\n\t\t\t\t\t\t\t                    <div class=\"blog-post-content-container\">\n\n\t\t\t\t\t\t\n                        <h3 class=\"blog-post-title\">\n                            <a href=\"https:\/\/neustadtarchitekten.de\/en\/vortrag-von-neustadtarchitekten-beim-wia-festival-2025\/\" target=\"\" rel=\"bookmark\">Vortrag von Neustadtarchitekten beim WIA Festival 2025<\/a>\n                        <\/h3>\n\n\t\t\t\t\t\t                            <div class=\"blog-post-excerpt\">\n\t\t\t\t\t\t\t\t<p>Der Vortrag stellte praxisnahe L\u00f6sungsans\u00e4tze f\u00fcr den oft herausfordernden Spagat zwischen Nachhaltigkeit und Kosten im Wohnungsbau vor.<\/p>\n                            <\/div>\n\t\t\t\t\t\t\n                        \n                    <\/div>\n\t\t\t\t\t                <\/div>\n\t\t\t\t<\/div><div class=\"blog-post-column\">                <div class=\"blog-post-entry post-8085 post type-post status-publish format-standard has-post-thumbnail hentry category-aktuelles category-allgemein tag-klimaschutz tag-neustadtarchitekten tag-phase-nachhaltigkeit tag-ressourcenschonend tag-wohnen tag-wohnungsbau\">\n\t\t\t\t\t                            <div class=\"blog-post-image\">\n                                <a href=\"https:\/\/neustadtarchitekten.de\/en\/vortrag-neustadtarchitekten-spagat-zwischen-nachhaltigkeit-und-kosten\/\" target=\"\" rel=\"bookmark\">\n\n\t\t\t\t\t\t\t\t\t<span class=\"image-placeholder\" style=\"padding-bottom:62.50000000%\"><img class=\"img-responsive  img-4 lazyload\" width=\"400\" height=\"250\" alt=\"WiAFestival\" title=\"WiAFestival\" loading=\"lazy\" data-src=\"https:\/\/neustadtarchitekten.de\/wp-content\/uploads\/2025\/06\/WiAFestival-400x250.jpg\" \/><\/span>\n                                    <span class=\"hover-display with-spacing\">\n\t\t\t\t\t\t\t\t\t                                        <i class=\"icon-basic-link\"><\/i>\n\t\t\t\t\t\t\t\t\t\t\t\t\t\t\t\t\t<\/span>\n                                <\/a>\n                            <\/div>\n\t\t\t\t\t\t\t                    <div class=\"blog-post-content-container\">\n\n\t\t\t\t\t\t\n                        <h3 class=\"blog-post-title\">\n                            <a href=\"https:\/\/neustadtarchitekten.de\/en\/vortrag-neustadtarchitekten-spagat-zwischen-nachhaltigkeit-und-kosten\/\" target=\"\" rel=\"bookmark\">Vortrag Neustadtarchitekten: &#8222;Spagat zwischen Nachhaltigkeit und Kosten&#8220;<\/a>\n                        <\/h3>\n\n\t\t\t\t\t\t                            <div class=\"blog-post-excerpt\">\n\t\t\t\t\t\t\t\t<p>Neustadtarchitekten im Architektursalon Hamburg Wertsch\u00e4tzung und Wandel \u2013 Wie bauen wir Zukunft?<\/p>\n                            <\/div>\n\t\t\t\t\t\t\n                        \n                    <\/div>\n\t\t\t\t\t                <\/div>\n\t\t\t\t<\/div>\n    <\/div>\n\n\n\n    <div class=\"blog-posts-loading-message\">\n\t\tLoading blog posts...    <\/div>\n\t<div class=\"section-title\">\n    <h2>Three Columns &amp; Image on Top<\/h2>\n<\/div>    <div id=\"blogposts-814069f2a499d2190\"\n         class=\"row lab-blog-posts cols-3 posts-layout-top display-loading\"  data-masonry-mode=\"fitRows\">\n\n\t\t<div class=\"blog-post-column\">                <div class=\"blog-post-entry post-8152 post type-post status-publish format-standard has-post-thumbnail hentry category-aktuelles category-allgemein category-blog\">\n\t\t\t\t\t                            <div class=\"blog-post-image\">\n                                <a href=\"https:\/\/neustadtarchitekten.de\/en\/gemeinsam-fuer-die-zukunft-nachbarschaftlich-sanieren-in-schnelsen\/\" target=\"\" rel=\"bookmark\">\n\n\t\t\t\t\t\t\t\t\t<span class=\"image-placeholder\" style=\"padding-bottom:62.50000000%\"><img class=\"img-responsive  img-5 lazyload\" width=\"400\" height=\"250\" alt=\"H\u00e4userreihe_copyright Bezirksamt Eimsb\u00fcttel\" title=\"H\u00e4userreihe_copyright Bezirksamt Eimsb\u00fcttel\" loading=\"lazy\" data-src=\"https:\/\/neustadtarchitekten.de\/wp-content\/uploads\/2025\/09\/Haeuserreihe_copyright-Bezirksamt-Eimsbuettel--400x250.jpg\" \/><\/span>\n                                    <span class=\"hover-display with-spacing\">\n\t\t\t\t\t\t\t\t\t                                        <i class=\"icon-basic-link\"><\/i>\n\t\t\t\t\t\t\t\t\t\t\t\t\t\t\t\t\t<\/span>\n                                <\/a>\n                            <\/div>\n\t\t\t\t\t\t\t                    <div class=\"blog-post-content-container\">\n\n\t\t\t\t\t\t\n                        <h3 class=\"blog-post-title\">\n                            <a href=\"https:\/\/neustadtarchitekten.de\/en\/gemeinsam-fuer-die-zukunft-nachbarschaftlich-sanieren-in-schnelsen\/\" target=\"\" rel=\"bookmark\">Infoveranstaltung 06.10.25 18h: Nachbarschaftlich Sanieren in Schnelsen<\/a>\n                        <\/h3>\n\n\t\t\t\t\t\t                            <div class=\"blog-post-excerpt\">\n\t\t\t\t\t\t\t\t<p>Gerade \u00e4ltere Wohnh\u00e4user bieten ein enormes Potenzial zur Energieeinsparung \u2013 wenn sie richtig saniert werden.<\/p>\n                            <\/div>\n\t\t\t\t\t\t\n                        \n                    <\/div>\n\t\t\t\t\t                <\/div>\n\t\t\t\t<\/div><div class=\"blog-post-column\">                <div class=\"blog-post-entry post-8142 post type-post status-publish format-standard has-post-thumbnail hentry category-aktuelles category-allgemein category-blog\">\n\t\t\t\t\t                            <div class=\"blog-post-image\">\n                                <a href=\"https:\/\/neustadtarchitekten.de\/en\/petra-diesing-im-podcast-architektur-fuer-gemeinschaft\/\" target=\"\" rel=\"bookmark\">\n\n\t\t\t\t\t\t\t\t\t<span class=\"image-placeholder\" style=\"padding-bottom:62.50000000%\"><img class=\"img-responsive  img-6 lazyload\" width=\"400\" height=\"250\" alt=\"Podcast Cover - Website &amp; LinkedIn\" title=\"Podcast Cover - Website &amp; LinkedIn\" loading=\"lazy\" data-src=\"https:\/\/neustadtarchitekten.de\/wp-content\/uploads\/2025\/08\/Podcast-Cover-Website-LinkedIn-400x250.png\" \/><\/span>\n                                    <span class=\"hover-display with-spacing\">\n\t\t\t\t\t\t\t\t\t                                        <i class=\"icon-basic-link\"><\/i>\n\t\t\t\t\t\t\t\t\t\t\t\t\t\t\t\t\t<\/span>\n                                <\/a>\n                            <\/div>\n\t\t\t\t\t\t\t                    <div class=\"blog-post-content-container\">\n\n\t\t\t\t\t\t\n                        <h3 class=\"blog-post-title\">\n                            <a href=\"https:\/\/neustadtarchitekten.de\/en\/petra-diesing-im-podcast-architektur-fuer-gemeinschaft\/\" target=\"\" rel=\"bookmark\">Petra Diesing im Podcast: Architektur f\u00fcr Gemeinschaft<\/a>\n                        <\/h3>\n\n\t\t\t\t\t\t                            <div class=\"blog-post-excerpt\">\n\t\t\t\t\t\t\t\t<p>Petra Diesing im Podcast \u00fcber gemeinschaftsf\u00f6rdernde Architektur und Baugemeinschaften<\/p>\n                            <\/div>\n\t\t\t\t\t\t\n                        \n                    <\/div>\n\t\t\t\t\t                <\/div>\n\t\t\t\t<\/div><div class=\"blog-post-column\">                <div class=\"blog-post-entry post-8123 post type-post status-publish format-standard has-post-thumbnail hentry category-allgemein\">\n\t\t\t\t\t                            <div class=\"blog-post-image\">\n                                <a href=\"https:\/\/neustadtarchitekten.de\/en\/vortrag-von-neustadtarchitekten-beim-wia-festival-2025\/\" target=\"\" rel=\"bookmark\">\n\n\t\t\t\t\t\t\t\t\t<span class=\"image-placeholder\" style=\"padding-bottom:62.50000000%\"><img class=\"img-responsive  img-7 lazyload\" width=\"400\" height=\"250\" alt=\"20250619-7RV06243\" title=\"20250619-7RV06243\" loading=\"lazy\" data-src=\"https:\/\/neustadtarchitekten.de\/wp-content\/uploads\/2025\/06\/20250619-7RV06243-400x250.jpg\" \/><\/span>\n                                    <span class=\"hover-display with-spacing\">\n\t\t\t\t\t\t\t\t\t                                        <i class=\"icon-basic-link\"><\/i>\n\t\t\t\t\t\t\t\t\t\t\t\t\t\t\t\t\t<\/span>\n                                <\/a>\n                            <\/div>\n\t\t\t\t\t\t\t                    <div class=\"blog-post-content-container\">\n\n\t\t\t\t\t\t\n                        <h3 class=\"blog-post-title\">\n                            <a href=\"https:\/\/neustadtarchitekten.de\/en\/vortrag-von-neustadtarchitekten-beim-wia-festival-2025\/\" target=\"\" rel=\"bookmark\">Vortrag von Neustadtarchitekten beim WIA Festival 2025<\/a>\n                        <\/h3>\n\n\t\t\t\t\t\t                            <div class=\"blog-post-excerpt\">\n\t\t\t\t\t\t\t\t<p>Der Vortrag stellte praxisnahe L\u00f6sungsans\u00e4tze f\u00fcr den oft herausfordernden Spagat zwischen Nachhaltigkeit und Kosten im Wohnungsbau vor.<\/p>\n                            <\/div>\n\t\t\t\t\t\t\n                        \n                    <\/div>\n\t\t\t\t\t                <\/div>\n\t\t\t\t<\/div>\n    <\/div>\n\n\n\n    <div class=\"blog-posts-loading-message\">\n\t\tLoading blog posts...    <\/div>\n\t<div class=\"section-title\">\n    <h2>Two Columns &amp; Image on Top + Post Date<\/h2>\n<\/div>    <div id=\"blogposts-942469f2a499d39f1\"\n         class=\"row lab-blog-posts cols-2 posts-layout-top\" >\n\n\t\t<div class=\"blog-post-column\">                <div class=\"blog-post-entry post-8152 post type-post status-publish format-standard has-post-thumbnail hentry category-aktuelles category-allgemein category-blog\">\n\t\t\t\t\t                            <div class=\"blog-post-image\">\n                                <a href=\"https:\/\/neustadtarchitekten.de\/en\/gemeinsam-fuer-die-zukunft-nachbarschaftlich-sanieren-in-schnelsen\/\" target=\"\" rel=\"bookmark\">\n\n\t\t\t\t\t\t\t\t\t<span class=\"image-placeholder\" style=\"padding-bottom:70.58201058%\"><img width=\"945\" height=\"667\" class=\"img-responsive attachment-large img-8 lazyload\" title=\"H\u00e4userreihe_copyright Bezirksamt Eimsb\u00fcttel\" alt=\"\" data-src=\"https:\/\/neustadtarchitekten.de\/wp-content\/uploads\/2025\/09\/Haeuserreihe_copyright-Bezirksamt-Eimsbuettel--1024x723.jpg\" data-srcset=\"https:\/\/neustadtarchitekten.de\/wp-content\/uploads\/2025\/09\/Haeuserreihe_copyright-Bezirksamt-Eimsbuettel--1024x723.jpg 1024w, https:\/\/neustadtarchitekten.de\/wp-content\/uploads\/2025\/09\/Haeuserreihe_copyright-Bezirksamt-Eimsbuettel--300x212.jpg 300w, https:\/\/neustadtarchitekten.de\/wp-content\/uploads\/2025\/09\/Haeuserreihe_copyright-Bezirksamt-Eimsbuettel--768x542.jpg 768w, https:\/\/neustadtarchitekten.de\/wp-content\/uploads\/2025\/09\/Haeuserreihe_copyright-Bezirksamt-Eimsbuettel--1536x1085.jpg 1536w, https:\/\/neustadtarchitekten.de\/wp-content\/uploads\/2025\/09\/Haeuserreihe_copyright-Bezirksamt-Eimsbuettel--2048x1447.jpg 2048w, https:\/\/neustadtarchitekten.de\/wp-content\/uploads\/2025\/09\/Haeuserreihe_copyright-Bezirksamt-Eimsbuettel--18x12.jpg 18w, https:\/\/neustadtarchitekten.de\/wp-content\/uploads\/2025\/09\/Haeuserreihe_copyright-Bezirksamt-Eimsbuettel--1612x1139.jpg 1612w, https:\/\/neustadtarchitekten.de\/wp-content\/uploads\/2025\/09\/Haeuserreihe_copyright-Bezirksamt-Eimsbuettel--1116x788.jpg 1116w, https:\/\/neustadtarchitekten.de\/wp-content\/uploads\/2025\/09\/Haeuserreihe_copyright-Bezirksamt-Eimsbuettel--806x569.jpg 806w, https:\/\/neustadtarchitekten.de\/wp-content\/uploads\/2025\/09\/Haeuserreihe_copyright-Bezirksamt-Eimsbuettel--558x394.jpg 558w, https:\/\/neustadtarchitekten.de\/wp-content\/uploads\/2025\/09\/Haeuserreihe_copyright-Bezirksamt-Eimsbuettel--655x463.jpg 655w, https:\/\/neustadtarchitekten.de\/wp-content\/uploads\/2025\/09\/Haeuserreihe_copyright-Bezirksamt-Eimsbuettel--600x424.jpg 600w\" data-sizes=\"(max-width: 945px) 100vw, 945px\" \/><\/span>\n                                    <span class=\"hover-display with-spacing\">\n\t\t\t\t\t\t\t\t\t                                        <i class=\"icon-basic-link\"><\/i>\n\t\t\t\t\t\t\t\t\t\t\t\t\t\t\t\t\t<\/span>\n                                <\/a>\n                            <\/div>\n\t\t\t\t\t\t\t                    <div class=\"blog-post-content-container\">\n\n\t\t\t\t\t\t                            <div class=\"blog-post-date\">\n\t\t\t\t\t\t\t\t28. September 2025                            <\/div>\n\t\t\t\t\t\t\n                        <h3 class=\"blog-post-title\">\n                            <a href=\"https:\/\/neustadtarchitekten.de\/en\/gemeinsam-fuer-die-zukunft-nachbarschaftlich-sanieren-in-schnelsen\/\" target=\"\" rel=\"bookmark\">Infoveranstaltung 06.10.25 18h: Nachbarschaftlich Sanieren in Schnelsen<\/a>\n                        <\/h3>\n\n\t\t\t\t\t\t\n                        \n                    <\/div>\n\t\t\t\t\t                <\/div>\n\t\t\t\t<\/div><div class=\"blog-post-column\">                <div class=\"blog-post-entry post-8142 post type-post status-publish format-standard has-post-thumbnail hentry category-aktuelles category-allgemein category-blog\">\n\t\t\t\t\t                            <div class=\"blog-post-image\">\n                                <a href=\"https:\/\/neustadtarchitekten.de\/en\/petra-diesing-im-podcast-architektur-fuer-gemeinschaft\/\" target=\"\" rel=\"bookmark\">\n\n\t\t\t\t\t\t\t\t\t<span class=\"image-placeholder\" style=\"padding-bottom:100.00000000%\"><img width=\"945\" height=\"945\" class=\"img-responsive attachment-large img-9 lazyload\" title=\"Podcast Cover - Website &amp; LinkedIn\" alt=\"\" data-src=\"https:\/\/neustadtarchitekten.de\/wp-content\/uploads\/2025\/08\/Podcast-Cover-Website-LinkedIn-1024x1024.png\" data-srcset=\"https:\/\/neustadtarchitekten.de\/wp-content\/uploads\/2025\/08\/Podcast-Cover-Website-LinkedIn-1024x1024.png 1024w, https:\/\/neustadtarchitekten.de\/wp-content\/uploads\/2025\/08\/Podcast-Cover-Website-LinkedIn-300x300.png 300w, https:\/\/neustadtarchitekten.de\/wp-content\/uploads\/2025\/08\/Podcast-Cover-Website-LinkedIn-150x150.png 150w, https:\/\/neustadtarchitekten.de\/wp-content\/uploads\/2025\/08\/Podcast-Cover-Website-LinkedIn-768x768.png 768w, https:\/\/neustadtarchitekten.de\/wp-content\/uploads\/2025\/08\/Podcast-Cover-Website-LinkedIn-12x12.png 12w, https:\/\/neustadtarchitekten.de\/wp-content\/uploads\/2025\/08\/Podcast-Cover-Website-LinkedIn-468x468.png 468w, https:\/\/neustadtarchitekten.de\/wp-content\/uploads\/2025\/08\/Podcast-Cover-Website-LinkedIn-1116x1116.png 1116w, https:\/\/neustadtarchitekten.de\/wp-content\/uploads\/2025\/08\/Podcast-Cover-Website-LinkedIn-806x806.png 806w, https:\/\/neustadtarchitekten.de\/wp-content\/uploads\/2025\/08\/Podcast-Cover-Website-LinkedIn-558x558.png 558w, https:\/\/neustadtarchitekten.de\/wp-content\/uploads\/2025\/08\/Podcast-Cover-Website-LinkedIn-655x655.png 655w, https:\/\/neustadtarchitekten.de\/wp-content\/uploads\/2025\/08\/Podcast-Cover-Website-LinkedIn-266x266.png 266w, https:\/\/neustadtarchitekten.de\/wp-content\/uploads\/2025\/08\/Podcast-Cover-Website-LinkedIn-600x600.png 600w, https:\/\/neustadtarchitekten.de\/wp-content\/uploads\/2025\/08\/Podcast-Cover-Website-LinkedIn-220x220.png 220w, https:\/\/neustadtarchitekten.de\/wp-content\/uploads\/2025\/08\/Podcast-Cover-Website-LinkedIn.png 1200w\" data-sizes=\"(max-width: 945px) 100vw, 945px\" \/><\/span>\n                                    <span class=\"hover-display with-spacing\">\n\t\t\t\t\t\t\t\t\t                                        <i class=\"icon-basic-link\"><\/i>\n\t\t\t\t\t\t\t\t\t\t\t\t\t\t\t\t\t<\/span>\n                                <\/a>\n                            <\/div>\n\t\t\t\t\t\t\t                    <div class=\"blog-post-content-container\">\n\n\t\t\t\t\t\t                            <div class=\"blog-post-date\">\n\t\t\t\t\t\t\t\t15. August 2025                            <\/div>\n\t\t\t\t\t\t\n                        <h3 class=\"blog-post-title\">\n                            <a href=\"https:\/\/neustadtarchitekten.de\/en\/petra-diesing-im-podcast-architektur-fuer-gemeinschaft\/\" target=\"\" rel=\"bookmark\">Petra Diesing im Podcast: Architektur f\u00fcr Gemeinschaft<\/a>\n                        <\/h3>\n\n\t\t\t\t\t\t\n                        \n                    <\/div>\n\t\t\t\t\t                <\/div>\n\t\t\t\t<\/div>\n    <\/div>\n\n\n\n<div class=\"section-title\">\n    <h2>One Column &amp; Image on Top + Post Date + Link Button<\/h2>\n<\/div>    <div id=\"blogposts-290269f2a499d4c99\"\n         class=\"row lab-blog-posts cols-1 posts-layout-top\" >\n\n\t\t<div class=\"blog-post-column\">                <div class=\"blog-post-entry post-8152 post type-post status-publish format-standard has-post-thumbnail hentry category-aktuelles category-allgemein category-blog\">\n\t\t\t\t\t                            <div class=\"blog-post-image\">\n                                <a href=\"https:\/\/neustadtarchitekten.de\/en\/gemeinsam-fuer-die-zukunft-nachbarschaftlich-sanieren-in-schnelsen\/\" target=\"\" rel=\"bookmark\">\n\n\t\t\t\t\t\t\t\t\t<span class=\"image-placeholder\" style=\"padding-bottom:70.63758389%\"><img width=\"2384\" height=\"1684\" class=\"img-responsive attachment-full img-10 lazyload\" title=\"H\u00e4userreihe_copyright Bezirksamt Eimsb\u00fcttel\" alt=\"\" data-src=\"https:\/\/neustadtarchitekten.de\/wp-content\/uploads\/2025\/09\/Haeuserreihe_copyright-Bezirksamt-Eimsbuettel-.jpg\" data-srcset=\"https:\/\/neustadtarchitekten.de\/wp-content\/uploads\/2025\/09\/Haeuserreihe_copyright-Bezirksamt-Eimsbuettel-.jpg 2384w, https:\/\/neustadtarchitekten.de\/wp-content\/uploads\/2025\/09\/Haeuserreihe_copyright-Bezirksamt-Eimsbuettel--300x212.jpg 300w, https:\/\/neustadtarchitekten.de\/wp-content\/uploads\/2025\/09\/Haeuserreihe_copyright-Bezirksamt-Eimsbuettel--1024x723.jpg 1024w, https:\/\/neustadtarchitekten.de\/wp-content\/uploads\/2025\/09\/Haeuserreihe_copyright-Bezirksamt-Eimsbuettel--768x542.jpg 768w, https:\/\/neustadtarchitekten.de\/wp-content\/uploads\/2025\/09\/Haeuserreihe_copyright-Bezirksamt-Eimsbuettel--1536x1085.jpg 1536w, https:\/\/neustadtarchitekten.de\/wp-content\/uploads\/2025\/09\/Haeuserreihe_copyright-Bezirksamt-Eimsbuettel--2048x1447.jpg 2048w, https:\/\/neustadtarchitekten.de\/wp-content\/uploads\/2025\/09\/Haeuserreihe_copyright-Bezirksamt-Eimsbuettel--18x12.jpg 18w, https:\/\/neustadtarchitekten.de\/wp-content\/uploads\/2025\/09\/Haeuserreihe_copyright-Bezirksamt-Eimsbuettel--1612x1139.jpg 1612w, https:\/\/neustadtarchitekten.de\/wp-content\/uploads\/2025\/09\/Haeuserreihe_copyright-Bezirksamt-Eimsbuettel--1116x788.jpg 1116w, https:\/\/neustadtarchitekten.de\/wp-content\/uploads\/2025\/09\/Haeuserreihe_copyright-Bezirksamt-Eimsbuettel--806x569.jpg 806w, https:\/\/neustadtarchitekten.de\/wp-content\/uploads\/2025\/09\/Haeuserreihe_copyright-Bezirksamt-Eimsbuettel--558x394.jpg 558w, https:\/\/neustadtarchitekten.de\/wp-content\/uploads\/2025\/09\/Haeuserreihe_copyright-Bezirksamt-Eimsbuettel--655x463.jpg 655w, https:\/\/neustadtarchitekten.de\/wp-content\/uploads\/2025\/09\/Haeuserreihe_copyright-Bezirksamt-Eimsbuettel--600x424.jpg 600w\" data-sizes=\"(max-width: 2384px) 100vw, 2384px\" \/><\/span>\n                                    <span class=\"hover-display with-spacing\">\n\t\t\t\t\t\t\t\t\t                                        <i class=\"icon-basic-link\"><\/i>\n\t\t\t\t\t\t\t\t\t\t\t\t\t\t\t\t\t<\/span>\n                                <\/a>\n                            <\/div>\n\t\t\t\t\t\t\t                    <div class=\"blog-post-content-container\">\n\n\t\t\t\t\t\t                            <div class=\"blog-post-date\">\n\t\t\t\t\t\t\t\t28. September 2025                            <\/div>\n\t\t\t\t\t\t\n                        <h3 class=\"blog-post-title\">\n                            <a href=\"https:\/\/neustadtarchitekten.de\/en\/gemeinsam-fuer-die-zukunft-nachbarschaftlich-sanieren-in-schnelsen\/\" target=\"\" rel=\"bookmark\">Infoveranstaltung 06.10.25 18h: Nachbarschaftlich Sanieren in Schnelsen<\/a>\n                        <\/h3>\n\n\t\t\t\t\t\t\n                        \n                    <\/div>\n\t\t\t\t\t                <\/div>\n\t\t\t\t<\/div>\n    <\/div>\n\n\n    <div class=\"more-link\">\n        <div class=\"show-more\">\n            <div class=\"reveal-button\">\n                <a href=\"http:\/\/themeforest.net\/item\/kalium-creative-theme-for-professionals\/10860525?ref=Laborator\"\n                   target=\"_blank\" class=\"btn btn-white\">\n\t\t\t\t\tExternal Link                <\/a>\n            <\/div>\n        <\/div>\n    <\/div>\n\n<div class=\"section-title\">\n    <h2>Image on Left + Random Posts<\/h2>\n<p>You can choose how your posts will appear, sorted by date, custom, random, and other types&#8230; you choose.<\/p>\n<\/div><style data-appended-custom-css=\"true\">#blogposts-949569f2a499d622a .blog-post-image {flex: 0 0 48%}<\/style>    <div id=\"blogposts-949569f2a499d622a\"\n         class=\"row lab-blog-posts cols-2 posts-layout-left display-loading\"  data-masonry-mode=\"fitRows\">\n\n\t\t<div class=\"blog-post-column\">                <div class=\"blog-post-entry post-6178 post type-post status-publish format-standard has-post-thumbnail hentry category-aktuelles category-allgemein\">\n\t\t\t\t\t                            <div class=\"blog-post-image\">\n                                <a href=\"https:\/\/neustadtarchitekten.de\/en\/verstaerkung-2\/\" target=\"\" rel=\"bookmark\">\n\n\t\t\t\t\t\t\t\t\t<span class=\"image-placeholder\" style=\"padding-bottom:113.33333333%\"><img class=\"img-responsive  img-11 lazyload\" width=\"300\" height=\"340\" alt=\"Susanne_Baer\" title=\"Susanne_Baer\" loading=\"lazy\" data-src=\"https:\/\/neustadtarchitekten.de\/wp-content\/uploads\/2019\/11\/Susanne_Baer-1-300x340.jpg\" \/><\/span>\n                                    <span class=\"hover-display with-spacing\">\n\t\t\t\t\t\t\t\t\t                                        <i class=\"icon-basic-link\"><\/i>\n\t\t\t\t\t\t\t\t\t\t\t\t\t\t\t\t\t<\/span>\n                                <\/a>\n                            <\/div>\n\t\t\t\t\t\t\t                    <div class=\"blog-post-content-container\">\n\n\t\t\t\t\t\t\n                        <h3 class=\"blog-post-title\">\n                            <a href=\"https:\/\/neustadtarchitekten.de\/en\/verstaerkung-2\/\" target=\"\" rel=\"bookmark\">Verst\u00e4rkung<\/a>\n                        <\/h3>\n\n\t\t\t\t\t\t                            <div class=\"blog-post-excerpt\">\n\t\t\t\t\t\t\t\t<p>Susanne B\u00e4r verst\u00e4rkt unser Team !<\/p>\n                            <\/div>\n\t\t\t\t\t\t\n                        \n                    <\/div>\n\t\t\t\t\t                <\/div>\n\t\t\t\t<\/div><div class=\"blog-post-column\">                <div class=\"blog-post-entry post-6082 post type-post status-publish format-standard has-post-thumbnail hentry category-aktuelles category-allgemein category-projekte\">\n\t\t\t\t\t                            <div class=\"blog-post-image\">\n                                <a href=\"https:\/\/neustadtarchitekten.de\/en\/baustelle-volksdorfer-damm\/\" target=\"\" rel=\"bookmark\">\n\n\t\t\t\t\t\t\t\t\t<span class=\"image-placeholder\" style=\"padding-bottom:113.33333333%\"><img class=\"img-responsive  img-12 lazyload\" width=\"300\" height=\"340\" alt=\"Unbenannt\" title=\"Unbenannt\" loading=\"lazy\" data-src=\"https:\/\/neustadtarchitekten.de\/wp-content\/uploads\/2019\/07\/Unbenannt-300x340.jpg\" \/><\/span>\n                                    <span class=\"hover-display with-spacing\">\n\t\t\t\t\t\t\t\t\t                                        <i class=\"icon-basic-link\"><\/i>\n\t\t\t\t\t\t\t\t\t\t\t\t\t\t\t\t\t<\/span>\n                                <\/a>\n                            <\/div>\n\t\t\t\t\t\t\t                    <div class=\"blog-post-content-container\">\n\n\t\t\t\t\t\t\n                        <h3 class=\"blog-post-title\">\n                            <a href=\"https:\/\/neustadtarchitekten.de\/en\/baustelle-volksdorfer-damm\/\" target=\"\" rel=\"bookmark\">Baustelle Volksdorfer Damm<\/a>\n                        <\/h3>\n\n\t\t\t\t\t\t                            <div class=\"blog-post-excerpt\">\n\t\t\t\t\t\t\t\t<p>Die Sohle wird gegossen<\/p>\n                            <\/div>\n\t\t\t\t\t\t\n                        \n                    <\/div>\n\t\t\t\t\t                <\/div>\n\t\t\t\t<\/div>\n    <\/div>\n\n\n\n    <div class=\"blog-posts-loading-message\">\n\t\tLoading blog posts...    <\/div>\n\t<div class=\"section-title\">\n    <h2>Masonry Blog Posts<\/h2>\n<\/div>    <div id=\"blogposts-432669f2a499d9350\"\n         class=\"row lab-blog-posts cols-3 posts-layout-top display-loading\"  data-masonry-mode=\"masonry\">\n\n\t\t<div class=\"blog-post-column\">                <div class=\"blog-post-entry post-6800 post type-post status-publish format-standard has-post-thumbnail hentry category-aktuelles category-allgemein category-projekte tag-klimaschutz tag-neustadtarchitekten tag-phase-nachhaltigkeit tag-plusenergiehaus\">\n\t\t\t\t\t                            <div class=\"blog-post-image\">\n                                <a href=\"https:\/\/neustadtarchitekten.de\/en\/online-roadshow-phase-nachhaltigkeit\/\" target=\"\" rel=\"bookmark\">\n\n\t\t\t\t\t\t\t\t\t<span class=\"image-placeholder\" style=\"padding-bottom:100.00000000%\"><img width=\"945\" height=\"945\" class=\"img-responsive attachment-large img-13 lazyload\" alt=\"Phase Nachhaltigkeit\" title=\"Phase Nachhaltigkeit2\" data-src=\"https:\/\/neustadtarchitekten.de\/wp-content\/uploads\/2020\/03\/Phase-Nachhaltigkeit2-1024x1024.jpg\" data-srcset=\"https:\/\/neustadtarchitekten.de\/wp-content\/uploads\/2020\/03\/Phase-Nachhaltigkeit2-1024x1024.jpg 1024w, https:\/\/neustadtarchitekten.de\/wp-content\/uploads\/2020\/03\/Phase-Nachhaltigkeit2-150x150.jpg 150w, https:\/\/neustadtarchitekten.de\/wp-content\/uploads\/2020\/03\/Phase-Nachhaltigkeit2-300x300.jpg 300w, https:\/\/neustadtarchitekten.de\/wp-content\/uploads\/2020\/03\/Phase-Nachhaltigkeit2-768x768.jpg 768w, https:\/\/neustadtarchitekten.de\/wp-content\/uploads\/2020\/03\/Phase-Nachhaltigkeit2-468x468.jpg 468w, https:\/\/neustadtarchitekten.de\/wp-content\/uploads\/2020\/03\/Phase-Nachhaltigkeit2-1612x1612.jpg 1612w, https:\/\/neustadtarchitekten.de\/wp-content\/uploads\/2020\/03\/Phase-Nachhaltigkeit2-1116x1116.jpg 1116w, https:\/\/neustadtarchitekten.de\/wp-content\/uploads\/2020\/03\/Phase-Nachhaltigkeit2-806x806.jpg 806w, https:\/\/neustadtarchitekten.de\/wp-content\/uploads\/2020\/03\/Phase-Nachhaltigkeit2-558x558.jpg 558w, https:\/\/neustadtarchitekten.de\/wp-content\/uploads\/2020\/03\/Phase-Nachhaltigkeit2-655x655.jpg 655w, https:\/\/neustadtarchitekten.de\/wp-content\/uploads\/2020\/03\/Phase-Nachhaltigkeit2-266x266.jpg 266w, https:\/\/neustadtarchitekten.de\/wp-content\/uploads\/2020\/03\/Phase-Nachhaltigkeit2-220x220.jpg 220w, https:\/\/neustadtarchitekten.de\/wp-content\/uploads\/2020\/03\/Phase-Nachhaltigkeit2-600x600.jpg 600w, https:\/\/neustadtarchitekten.de\/wp-content\/uploads\/2020\/03\/Phase-Nachhaltigkeit2.jpg 2000w\" data-sizes=\"(max-width: 945px) 100vw, 945px\" \/><\/span>\n                                    <span class=\"hover-display with-spacing\">\n\t\t\t\t\t\t\t\t\t                                        <i class=\"icon-basic-link\"><\/i>\n\t\t\t\t\t\t\t\t\t\t\t\t\t\t\t\t\t<\/span>\n                                <\/a>\n                            <\/div>\n\t\t\t\t\t\t\t                    <div class=\"blog-post-content-container\">\n\n\t\t\t\t\t\t                            <div class=\"blog-post-date\">\n\t\t\t\t\t\t\t\t26. February 2021                            <\/div>\n\t\t\t\t\t\t\n                        <h3 class=\"blog-post-title\">\n                            <a href=\"https:\/\/neustadtarchitekten.de\/en\/online-roadshow-phase-nachhaltigkeit\/\" target=\"\" rel=\"bookmark\">Online-Roadshow \u201ePhase Nachhaltigkeit\u201c<\/a>\n                        <\/h3>\n\n\t\t\t\t\t\t\n                        \n                    <\/div>\n\t\t\t\t\t                <\/div>\n\t\t\t\t<\/div><div class=\"blog-post-column\">                <div class=\"blog-post-entry post-8076 post type-post status-publish format-standard has-post-thumbnail hentry category-aktuelles category-allgemein tag-bim-projekt tag-holzhybridbau tag-klimaschutz tag-neustadtarchitekten tag-phase-nachhaltigkeit tag-ressourcenschonend tag-wohnen tag-wohnungsbau\">\n\t\t\t\t\t                            <div class=\"blog-post-image\">\n                                <a href=\"https:\/\/neustadtarchitekten.de\/en\/publikation-broschuere-innovative-grundrisse\/\" target=\"\" rel=\"bookmark\">\n\n\t\t\t\t\t\t\t\t\t<span class=\"image-placeholder\" style=\"padding-bottom:83.80952381%\"><img width=\"945\" height=\"792\" class=\"img-responsive attachment-large img-14 lazyload\" alt=\"Brosch\u00fcre Innovative Grundrisse f\u00fcr den gef\u00f6rderten Wohnungsbau Hamburg\" title=\"InnovativeGrundrisseTitelbild\" data-src=\"https:\/\/neustadtarchitekten.de\/wp-content\/uploads\/2025\/06\/InnovativeGrundrisseTitelbild-1024x858.png\" data-srcset=\"https:\/\/neustadtarchitekten.de\/wp-content\/uploads\/2025\/06\/InnovativeGrundrisseTitelbild-1024x858.png 1024w, https:\/\/neustadtarchitekten.de\/wp-content\/uploads\/2025\/06\/InnovativeGrundrisseTitelbild-300x251.png 300w, https:\/\/neustadtarchitekten.de\/wp-content\/uploads\/2025\/06\/InnovativeGrundrisseTitelbild-768x644.png 768w, https:\/\/neustadtarchitekten.de\/wp-content\/uploads\/2025\/06\/InnovativeGrundrisseTitelbild-1536x1287.png 1536w, https:\/\/neustadtarchitekten.de\/wp-content\/uploads\/2025\/06\/InnovativeGrundrisseTitelbild-14x12.png 14w, https:\/\/neustadtarchitekten.de\/wp-content\/uploads\/2025\/06\/InnovativeGrundrisseTitelbild-1612x1351.png 1612w, https:\/\/neustadtarchitekten.de\/wp-content\/uploads\/2025\/06\/InnovativeGrundrisseTitelbild-1116x935.png 1116w, https:\/\/neustadtarchitekten.de\/wp-content\/uploads\/2025\/06\/InnovativeGrundrisseTitelbild-806x675.png 806w, https:\/\/neustadtarchitekten.de\/wp-content\/uploads\/2025\/06\/InnovativeGrundrisseTitelbild-558x468.png 558w, https:\/\/neustadtarchitekten.de\/wp-content\/uploads\/2025\/06\/InnovativeGrundrisseTitelbild-655x549.png 655w, https:\/\/neustadtarchitekten.de\/wp-content\/uploads\/2025\/06\/InnovativeGrundrisseTitelbild-600x503.png 600w, https:\/\/neustadtarchitekten.de\/wp-content\/uploads\/2025\/06\/InnovativeGrundrisseTitelbild.png 1704w\" data-sizes=\"(max-width: 945px) 100vw, 945px\" \/><\/span>\n                                    <span class=\"hover-display with-spacing\">\n\t\t\t\t\t\t\t\t\t                                        <i class=\"icon-basic-link\"><\/i>\n\t\t\t\t\t\t\t\t\t\t\t\t\t\t\t\t\t<\/span>\n                                <\/a>\n                            <\/div>\n\t\t\t\t\t\t\t                    <div class=\"blog-post-content-container\">\n\n\t\t\t\t\t\t                            <div class=\"blog-post-date\">\n\t\t\t\t\t\t\t\t16. June 2025                            <\/div>\n\t\t\t\t\t\t\n                        <h3 class=\"blog-post-title\">\n                            <a href=\"https:\/\/neustadtarchitekten.de\/en\/publikation-broschuere-innovative-grundrisse\/\" target=\"\" rel=\"bookmark\">Publikation Brosch\u00fcre &#8222;Innovative Grundrisse&#8220;<\/a>\n                        <\/h3>\n\n\t\t\t\t\t\t\n                        \n                    <\/div>\n\t\t\t\t\t                <\/div>\n\t\t\t\t<\/div><div class=\"blog-post-column\">                <div class=\"blog-post-entry post-6275 post type-post status-publish format-standard has-post-thumbnail hentry category-aktuelles category-allgemein category-projekte\">\n\t\t\t\t\t                            <div class=\"blog-post-image\">\n                                <a href=\"https:\/\/neustadtarchitekten.de\/en\/wohnen-am-meisterweg\/\" target=\"\" rel=\"bookmark\">\n\n\t\t\t\t\t\t\t\t\t<span class=\"image-placeholder\" style=\"padding-bottom:132.64248705%\"><img width=\"772\" height=\"1024\" class=\"img-responsive attachment-large img-15 lazyload\" alt=\"Gemeinschaftsraum Baugemeinschaft Meisterweg Neustadtarchitekten\" title=\"Meisterweg2\" data-src=\"https:\/\/neustadtarchitekten.de\/wp-content\/uploads\/2020\/03\/Meisterweg2-772x1024.jpg\" data-srcset=\"https:\/\/neustadtarchitekten.de\/wp-content\/uploads\/2020\/03\/Meisterweg2-772x1024.jpg 772w, https:\/\/neustadtarchitekten.de\/wp-content\/uploads\/2020\/03\/Meisterweg2-226x300.jpg 226w, https:\/\/neustadtarchitekten.de\/wp-content\/uploads\/2020\/03\/Meisterweg2-768x1018.jpg 768w, https:\/\/neustadtarchitekten.de\/wp-content\/uploads\/2020\/03\/Meisterweg2-806x1069.jpg 806w, https:\/\/neustadtarchitekten.de\/wp-content\/uploads\/2020\/03\/Meisterweg2-558x740.jpg 558w, https:\/\/neustadtarchitekten.de\/wp-content\/uploads\/2020\/03\/Meisterweg2-655x868.jpg 655w, https:\/\/neustadtarchitekten.de\/wp-content\/uploads\/2020\/03\/Meisterweg2-600x796.jpg 600w, https:\/\/neustadtarchitekten.de\/wp-content\/uploads\/2020\/03\/Meisterweg2.jpg 1034w\" data-sizes=\"(max-width: 772px) 100vw, 772px\" \/><\/span>\n                                    <span class=\"hover-display with-spacing\">\n\t\t\t\t\t\t\t\t\t                                        <i class=\"icon-basic-link\"><\/i>\n\t\t\t\t\t\t\t\t\t\t\t\t\t\t\t\t\t<\/span>\n                                <\/a>\n                            <\/div>\n\t\t\t\t\t\t\t                    <div class=\"blog-post-content-container\">\n\n\t\t\t\t\t\t                            <div class=\"blog-post-date\">\n\t\t\t\t\t\t\t\t21. March 2020                            <\/div>\n\t\t\t\t\t\t\n                        <h3 class=\"blog-post-title\">\n                            <a href=\"https:\/\/neustadtarchitekten.de\/en\/wohnen-am-meisterweg\/\" target=\"\" rel=\"bookmark\">Wohnen am Meisterweg<\/a>\n                        <\/h3>\n\n\t\t\t\t\t\t\n                        \n                    <\/div>\n\t\t\t\t\t                <\/div>\n\t\t\t\t<\/div><div class=\"blog-post-column\">                <div class=\"blog-post-entry post-7347 post type-post status-publish format-standard has-post-thumbnail hentry category-aktuelles category-allgemein category-projekte\">\n\t\t\t\t\t                            <div class=\"blog-post-image\">\n                                <a href=\"https:\/\/neustadtarchitekten.de\/en\/plietsch\/\" target=\"\" rel=\"bookmark\">\n\n\t\t\t\t\t\t\t\t\t<span class=\"image-placeholder\" style=\"padding-bottom:100.00000000%\"><img width=\"945\" height=\"945\" class=\"img-responsive attachment-large img-16 lazyload\" title=\"Plietsch\" alt=\"\" data-src=\"https:\/\/neustadtarchitekten.de\/wp-content\/uploads\/2021\/12\/Aktuelles-Bild-Website-1024x1024.jpg\" data-srcset=\"https:\/\/neustadtarchitekten.de\/wp-content\/uploads\/2021\/12\/Aktuelles-Bild-Website-1024x1024.jpg 1024w, https:\/\/neustadtarchitekten.de\/wp-content\/uploads\/2021\/12\/Aktuelles-Bild-Website-300x300.jpg 300w, https:\/\/neustadtarchitekten.de\/wp-content\/uploads\/2021\/12\/Aktuelles-Bild-Website-150x150.jpg 150w, https:\/\/neustadtarchitekten.de\/wp-content\/uploads\/2021\/12\/Aktuelles-Bild-Website-768x768.jpg 768w, https:\/\/neustadtarchitekten.de\/wp-content\/uploads\/2021\/12\/Aktuelles-Bild-Website-1536x1536.jpg 1536w, https:\/\/neustadtarchitekten.de\/wp-content\/uploads\/2021\/12\/Aktuelles-Bild-Website-12x12.jpg 12w, https:\/\/neustadtarchitekten.de\/wp-content\/uploads\/2021\/12\/Aktuelles-Bild-Website-468x468.jpg 468w, https:\/\/neustadtarchitekten.de\/wp-content\/uploads\/2021\/12\/Aktuelles-Bild-Website-1612x1612.jpg 1612w, https:\/\/neustadtarchitekten.de\/wp-content\/uploads\/2021\/12\/Aktuelles-Bild-Website-1116x1116.jpg 1116w, https:\/\/neustadtarchitekten.de\/wp-content\/uploads\/2021\/12\/Aktuelles-Bild-Website-806x806.jpg 806w, https:\/\/neustadtarchitekten.de\/wp-content\/uploads\/2021\/12\/Aktuelles-Bild-Website-558x558.jpg 558w, https:\/\/neustadtarchitekten.de\/wp-content\/uploads\/2021\/12\/Aktuelles-Bild-Website-655x655.jpg 655w, https:\/\/neustadtarchitekten.de\/wp-content\/uploads\/2021\/12\/Aktuelles-Bild-Website-266x266.jpg 266w, https:\/\/neustadtarchitekten.de\/wp-content\/uploads\/2021\/12\/Aktuelles-Bild-Website-220x220.jpg 220w, https:\/\/neustadtarchitekten.de\/wp-content\/uploads\/2021\/12\/Aktuelles-Bild-Website-600x600.jpg 600w, https:\/\/neustadtarchitekten.de\/wp-content\/uploads\/2021\/12\/Aktuelles-Bild-Website.jpg 2000w\" data-sizes=\"(max-width: 945px) 100vw, 945px\" \/><\/span>\n                                    <span class=\"hover-display with-spacing\">\n\t\t\t\t\t\t\t\t\t                                        <i class=\"icon-basic-link\"><\/i>\n\t\t\t\t\t\t\t\t\t\t\t\t\t\t\t\t\t<\/span>\n                                <\/a>\n                            <\/div>\n\t\t\t\t\t\t\t                    <div class=\"blog-post-content-container\">\n\n\t\t\t\t\t\t                            <div class=\"blog-post-date\">\n\t\t\t\t\t\t\t\t21. December 2021                            <\/div>\n\t\t\t\t\t\t\n                        <h3 class=\"blog-post-title\">\n                            <a href=\"https:\/\/neustadtarchitekten.de\/en\/plietsch\/\" target=\"\" rel=\"bookmark\">Plietsch !<\/a>\n                        <\/h3>\n\n\t\t\t\t\t\t\n                        \n                    <\/div>\n\t\t\t\t\t                <\/div>\n\t\t\t\t<\/div><div class=\"blog-post-column\">                <div class=\"blog-post-entry post-5631 post type-post status-publish format-standard has-post-thumbnail hentry category-aktuelles category-allgemein category-projekte\">\n\t\t\t\t\t                            <div class=\"blog-post-image\">\n                                <a href=\"https:\/\/neustadtarchitekten.de\/en\/gastbeitrag-houzz-de\/\" target=\"\" rel=\"bookmark\">\n\n\t\t\t\t\t\t\t\t\t<span class=\"image-placeholder\" style=\"padding-bottom:100.00000000%\"><img width=\"945\" height=\"945\" class=\"img-responsive attachment-large img-17 lazyload\" title=\"Houzz Interview\" alt=\"\" data-src=\"https:\/\/neustadtarchitekten.de\/wp-content\/uploads\/2016\/09\/Houzz-Interview-1-1024x1024.jpg\" data-srcset=\"https:\/\/neustadtarchitekten.de\/wp-content\/uploads\/2016\/09\/Houzz-Interview-1-1024x1024.jpg 1024w, https:\/\/neustadtarchitekten.de\/wp-content\/uploads\/2016\/09\/Houzz-Interview-1-150x150.jpg 150w, https:\/\/neustadtarchitekten.de\/wp-content\/uploads\/2016\/09\/Houzz-Interview-1-300x300.jpg 300w, https:\/\/neustadtarchitekten.de\/wp-content\/uploads\/2016\/09\/Houzz-Interview-1-768x768.jpg 768w, https:\/\/neustadtarchitekten.de\/wp-content\/uploads\/2016\/09\/Houzz-Interview-1-468x468.jpg 468w, https:\/\/neustadtarchitekten.de\/wp-content\/uploads\/2016\/09\/Houzz-Interview-1-1612x1612.jpg 1612w, https:\/\/neustadtarchitekten.de\/wp-content\/uploads\/2016\/09\/Houzz-Interview-1-1116x1116.jpg 1116w, https:\/\/neustadtarchitekten.de\/wp-content\/uploads\/2016\/09\/Houzz-Interview-1-806x806.jpg 806w, https:\/\/neustadtarchitekten.de\/wp-content\/uploads\/2016\/09\/Houzz-Interview-1-558x558.jpg 558w, https:\/\/neustadtarchitekten.de\/wp-content\/uploads\/2016\/09\/Houzz-Interview-1-655x655.jpg 655w, https:\/\/neustadtarchitekten.de\/wp-content\/uploads\/2016\/09\/Houzz-Interview-1-266x266.jpg 266w, https:\/\/neustadtarchitekten.de\/wp-content\/uploads\/2016\/09\/Houzz-Interview-1-220x220.jpg 220w, https:\/\/neustadtarchitekten.de\/wp-content\/uploads\/2016\/09\/Houzz-Interview-1-600x600.jpg 600w, https:\/\/neustadtarchitekten.de\/wp-content\/uploads\/2016\/09\/Houzz-Interview-1.jpg 2000w\" data-sizes=\"(max-width: 945px) 100vw, 945px\" \/><\/span>\n                                    <span class=\"hover-display with-spacing\">\n\t\t\t\t\t\t\t\t\t                                        <i class=\"icon-basic-link\"><\/i>\n\t\t\t\t\t\t\t\t\t\t\t\t\t\t\t\t\t<\/span>\n                                <\/a>\n                            <\/div>\n\t\t\t\t\t\t\t                    <div class=\"blog-post-content-container\">\n\n\t\t\t\t\t\t                            <div class=\"blog-post-date\">\n\t\t\t\t\t\t\t\t16. September 2016                            <\/div>\n\t\t\t\t\t\t\n                        <h3 class=\"blog-post-title\">\n                            <a href=\"https:\/\/neustadtarchitekten.de\/en\/gastbeitrag-houzz-de\/\" target=\"\" rel=\"bookmark\">Interview Houzz.de<\/a>\n                        <\/h3>\n\n\t\t\t\t\t\t\n                        \n                    <\/div>\n\t\t\t\t\t                <\/div>\n\t\t\t\t<\/div><div class=\"blog-post-column\">                <div class=\"blog-post-entry post-7683 post type-post status-publish format-standard has-post-thumbnail hentry category-aktuelles category-allgemein category-projekte tag-bim-projekt tag-effizienzhaus-40 tag-holzhybridbau tag-klimaschutz tag-neubau tag-neustadtarchitekten tag-phase-nachhaltigkeit tag-ressourcenschonend tag-wohnen tag-wohnungsbau\">\n\t\t\t\t\t                            <div class=\"blog-post-image\">\n                                <a href=\"https:\/\/neustadtarchitekten.de\/en\/projekt-kepler-holzbau-elemente-stehen\/\" target=\"\" rel=\"bookmark\">\n\n\t\t\t\t\t\t\t\t\t<span class=\"image-placeholder\" style=\"padding-bottom:75.00000000%\"><img width=\"640\" height=\"480\" class=\"img-responsive attachment-large img-18 lazyload\" title=\"IMG_2029\" alt=\"\" data-src=\"https:\/\/neustadtarchitekten.de\/wp-content\/uploads\/2023\/05\/IMG_2029.jpg\" data-srcset=\"https:\/\/neustadtarchitekten.de\/wp-content\/uploads\/2023\/05\/IMG_2029.jpg 640w, https:\/\/neustadtarchitekten.de\/wp-content\/uploads\/2023\/05\/IMG_2029-300x225.jpg 300w, https:\/\/neustadtarchitekten.de\/wp-content\/uploads\/2023\/05\/IMG_2029-16x12.jpg 16w, https:\/\/neustadtarchitekten.de\/wp-content\/uploads\/2023\/05\/IMG_2029-558x419.jpg 558w, https:\/\/neustadtarchitekten.de\/wp-content\/uploads\/2023\/05\/IMG_2029-600x450.jpg 600w\" data-sizes=\"(max-width: 640px) 100vw, 640px\" \/><\/span>\n                                    <span class=\"hover-display with-spacing\">\n\t\t\t\t\t\t\t\t\t                                        <i class=\"icon-basic-link\"><\/i>\n\t\t\t\t\t\t\t\t\t\t\t\t\t\t\t\t\t<\/span>\n                                <\/a>\n                            <\/div>\n\t\t\t\t\t\t\t                    <div class=\"blog-post-content-container\">\n\n\t\t\t\t\t\t                            <div class=\"blog-post-date\">\n\t\t\t\t\t\t\t\t12. May 2023                            <\/div>\n\t\t\t\t\t\t\n                        <h3 class=\"blog-post-title\">\n                            <a href=\"https:\/\/neustadtarchitekten.de\/en\/projekt-kepler-holzbau-elemente-stehen\/\" target=\"\" rel=\"bookmark\">Projekt Kepler Baustelle<\/a>\n                        <\/h3>\n\n\t\t\t\t\t\t\n                        \n                    <\/div>\n\t\t\t\t\t                <\/div>\n\t\t\t\t<\/div>\n    <\/div>\n\n\n\n    <div class=\"blog-posts-loading-message\">\n\t\tLoading blog posts...    <\/div>\n\t<\/div><\/div><\/div><\/div><\/div>\n<\/div>","protected":false},"excerpt":{"rendered":"Holzbau Elemente stehen Bei unserem Projekt Kepler wurden die ersten Holzbauw\u00e4nde gestellt. &nbsp; &nbsp; &nbsp; &nbsp; &nbsp; &nbsp; &nbsp; &nbsp; &nbsp; &nbsp; &nbsp; &nbsp; &nbsp; &nbsp; &nbsp;","protected":false},"author":1,"featured_media":0,"parent":0,"menu_order":0,"comment_status":"open","ping_status":"open","template":"","meta":{"footnotes":""},"class_list":["post-3924","page","type-page","status-publish","hentry"],"acf":[],"yoast_head":"<!-- This site is optimized with the Yoast SEO plugin v25.3 - https:\/\/yoast.com\/wordpress\/plugins\/seo\/ -->\n<title>Blog Widgets - Neustadtarchitekten<\/title>\n<meta name=\"robots\" content=\"index, follow, max-snippet:-1, max-image-preview:large, max-video-preview:-1\" \/>\n<link rel=\"canonical\" href=\"https:\/\/neustadtarchitekten.de\/en\/blog-widgets\/\" \/>\n<meta property=\"og:locale\" content=\"en_US\" \/>\n<meta property=\"og:type\" content=\"article\" \/>\n<meta property=\"og:title\" content=\"Blog Widgets - Neustadtarchitekten\" \/>\n<meta property=\"og:url\" content=\"https:\/\/neustadtarchitekten.de\/en\/blog-widgets\/\" \/>\n<meta property=\"og:site_name\" content=\"Neustadtarchitekten\" \/>\n<meta property=\"article:publisher\" content=\"https:\/\/www.facebook.com\/Neustadtarchitekten-282231286044257\" \/>\n<meta name=\"twitter:card\" content=\"summary_large_image\" \/>\n<meta name=\"twitter:label1\" content=\"Est. reading time\" \/>\n\t<meta name=\"twitter:data1\" content=\"1 minute\" \/>\n<script type=\"application\/ld+json\" class=\"yoast-schema-graph\">{\"@context\":\"https:\/\/schema.org\",\"@graph\":[{\"@type\":\"WebPage\",\"@id\":\"https:\/\/neustadtarchitekten.de\/blog-widgets\/\",\"url\":\"https:\/\/neustadtarchitekten.de\/blog-widgets\/\",\"name\":\"Blog Widgets - Neustadtarchitekten\",\"isPartOf\":{\"@id\":\"https:\/\/neustadtarchitekten.de\/#website\"},\"datePublished\":\"2015-07-23T22:30:56+00:00\",\"breadcrumb\":{\"@id\":\"https:\/\/neustadtarchitekten.de\/blog-widgets\/#breadcrumb\"},\"inLanguage\":\"en-US\",\"potentialAction\":[{\"@type\":\"ReadAction\",\"target\":[\"https:\/\/neustadtarchitekten.de\/blog-widgets\/\"]}]},{\"@type\":\"BreadcrumbList\",\"@id\":\"https:\/\/neustadtarchitekten.de\/blog-widgets\/#breadcrumb\",\"itemListElement\":[{\"@type\":\"ListItem\",\"position\":1,\"name\":\"Startseite\",\"item\":\"https:\/\/neustadtarchitekten.de\/\"},{\"@type\":\"ListItem\",\"position\":2,\"name\":\"Blog Widgets\"}]},{\"@type\":\"WebSite\",\"@id\":\"https:\/\/neustadtarchitekten.de\/#website\",\"url\":\"https:\/\/neustadtarchitekten.de\/\",\"name\":\"Neustadtarchitekten\",\"description\":\"Projekte und Aktuelles aus unserem Architekturb\u00fcro\",\"potentialAction\":[{\"@type\":\"SearchAction\",\"target\":{\"@type\":\"EntryPoint\",\"urlTemplate\":\"https:\/\/neustadtarchitekten.de\/?s={search_term_string}\"},\"query-input\":{\"@type\":\"PropertyValueSpecification\",\"valueRequired\":true,\"valueName\":\"search_term_string\"}}],\"inLanguage\":\"en-US\"}]}<\/script>\n<!-- \/ Yoast SEO plugin. -->","yoast_head_json":{"title":"Blog Widgets - Neustadtarchitekten","robots":{"index":"index","follow":"follow","max-snippet":"max-snippet:-1","max-image-preview":"max-image-preview:large","max-video-preview":"max-video-preview:-1"},"canonical":"https:\/\/neustadtarchitekten.de\/en\/blog-widgets\/","og_locale":"en_US","og_type":"article","og_title":"Blog Widgets - Neustadtarchitekten","og_url":"https:\/\/neustadtarchitekten.de\/en\/blog-widgets\/","og_site_name":"Neustadtarchitekten","article_publisher":"https:\/\/www.facebook.com\/Neustadtarchitekten-282231286044257","twitter_card":"summary_large_image","twitter_misc":{"Est. reading time":"1 minute"},"schema":{"@context":"https:\/\/schema.org","@graph":[{"@type":"WebPage","@id":"https:\/\/neustadtarchitekten.de\/blog-widgets\/","url":"https:\/\/neustadtarchitekten.de\/blog-widgets\/","name":"Blog Widgets - Neustadtarchitekten","isPartOf":{"@id":"https:\/\/neustadtarchitekten.de\/#website"},"datePublished":"2015-07-23T22:30:56+00:00","breadcrumb":{"@id":"https:\/\/neustadtarchitekten.de\/blog-widgets\/#breadcrumb"},"inLanguage":"en-US","potentialAction":[{"@type":"ReadAction","target":["https:\/\/neustadtarchitekten.de\/blog-widgets\/"]}]},{"@type":"BreadcrumbList","@id":"https:\/\/neustadtarchitekten.de\/blog-widgets\/#breadcrumb","itemListElement":[{"@type":"ListItem","position":1,"name":"Startseite","item":"https:\/\/neustadtarchitekten.de\/"},{"@type":"ListItem","position":2,"name":"Blog Widgets"}]},{"@type":"WebSite","@id":"https:\/\/neustadtarchitekten.de\/#website","url":"https:\/\/neustadtarchitekten.de\/","name":"Neustadtarchitekten","description":"Projekte und Aktuelles aus unserem Architekturb\u00fcro","potentialAction":[{"@type":"SearchAction","target":{"@type":"EntryPoint","urlTemplate":"https:\/\/neustadtarchitekten.de\/?s={search_term_string}"},"query-input":{"@type":"PropertyValueSpecification","valueRequired":true,"valueName":"search_term_string"}}],"inLanguage":"en-US"}]}},"_links":{"self":[{"href":"https:\/\/neustadtarchitekten.de\/en\/wp-json\/wp\/v2\/pages\/3924","targetHints":{"allow":["GET"]}}],"collection":[{"href":"https:\/\/neustadtarchitekten.de\/en\/wp-json\/wp\/v2\/pages"}],"about":[{"href":"https:\/\/neustadtarchitekten.de\/en\/wp-json\/wp\/v2\/types\/page"}],"author":[{"embeddable":true,"href":"https:\/\/neustadtarchitekten.de\/en\/wp-json\/wp\/v2\/users\/1"}],"replies":[{"embeddable":true,"href":"https:\/\/neustadtarchitekten.de\/en\/wp-json\/wp\/v2\/comments?post=3924"}],"version-history":[{"count":0,"href":"https:\/\/neustadtarchitekten.de\/en\/wp-json\/wp\/v2\/pages\/3924\/revisions"}],"wp:attachment":[{"href":"https:\/\/neustadtarchitekten.de\/en\/wp-json\/wp\/v2\/media?parent=3924"}],"curies":[{"name":"wp","href":"https:\/\/api.w.org\/{rel}","templated":true}]}}