{"id":5397,"date":"2019-03-02T12:50:24","date_gmt":"2019-03-02T11:50:24","guid":{"rendered":"http:\/\/test.neustadtarchitekten.de\/?post_type=portfolio&#038;p=5397"},"modified":"2023-10-20T13:49:12","modified_gmt":"2023-10-20T11:49:12","slug":"wettbewerb-ifflandstrasse","status":"publish","type":"portfolio","link":"https:\/\/neustadtarchitekten.de\/en\/portfolio\/wettbewerb-ifflandstrasse\/","title":{"rendered":"Competition Ifflandstra\u00dfe"},"content":{"rendered":"<div class=\"wpb-content-wrapper\"><div class=\"vc-row-container container\"><div data-vc-full-width=\"true\" data-vc-full-width-init=\"false\" class=\"vc_row wpb_row vc_row-fluid vc_custom_1551306270027 vc_row-has-fill vc_row-o-content-middle vc_row-flex row-stretch\"><div class=\"wpb_column vc_column_container vc_col-sm-6\"><div class=\"vc_column-inner\"><div class=\"wpb_wrapper\">\n\t<div  class=\"wpb_single_image wpb_content_element vc_align_center\">\n\t\t\n\t\t<figure class=\"wpb_wrapper vc_figure\">\n\t\t\t<div class=\"vc_single_image-wrapper   vc_box_border_grey\"><img loading=\"lazy\" decoding=\"async\" width=\"1900\" height=\"1500\" src=\"https:\/\/neustadtarchitekten.de\/wp-content\/uploads\/2019\/03\/Bild1-6.jpg\" class=\"vc_single_image-img attachment-full\" alt=\"\" title=\"Bild1\" srcset=\"https:\/\/neustadtarchitekten.de\/wp-content\/uploads\/2019\/03\/Bild1-6.jpg 1900w, https:\/\/neustadtarchitekten.de\/wp-content\/uploads\/2019\/03\/Bild1-6-300x237.jpg 300w, https:\/\/neustadtarchitekten.de\/wp-content\/uploads\/2019\/03\/Bild1-6-768x606.jpg 768w, https:\/\/neustadtarchitekten.de\/wp-content\/uploads\/2019\/03\/Bild1-6-1024x808.jpg 1024w, https:\/\/neustadtarchitekten.de\/wp-content\/uploads\/2019\/03\/Bild1-6-1612x1273.jpg 1612w, https:\/\/neustadtarchitekten.de\/wp-content\/uploads\/2019\/03\/Bild1-6-1116x881.jpg 1116w, https:\/\/neustadtarchitekten.de\/wp-content\/uploads\/2019\/03\/Bild1-6-806x636.jpg 806w, https:\/\/neustadtarchitekten.de\/wp-content\/uploads\/2019\/03\/Bild1-6-558x441.jpg 558w, https:\/\/neustadtarchitekten.de\/wp-content\/uploads\/2019\/03\/Bild1-6-655x517.jpg 655w, https:\/\/neustadtarchitekten.de\/wp-content\/uploads\/2019\/03\/Bild1-6-600x474.jpg 600w\" sizes=\"auto, (max-width: 1900px) 100vw, 1900px\" \/><\/div>\n\t\t<\/figure>\n\t<\/div>\n<\/div><\/div><\/div><div class=\"centering-text-header wpb_column vc_column_container vc_col-sm-6\"><div class=\"vc_column-inner vc_custom_1552488928053\"><div class=\"wpb_wrapper\"><h1 style=\"color: #0a0a0a;text-align: left\" class=\"vc_custom_heading vc_custom_1551906788165\" >Competition Ifflandstra\u00dfe<\/h1><style data-appended-custom-css=\"true\">#divider-431969f1c9751a2ec .lab-divider-content {display: block; width: 100%; border-bottom-color: #0a0a0a}<\/style>\t<div id=\"divider-431969f1c9751a2ec\" class=\"lab-divider divider-plain type-thin  no-margin-divider\">\n\t\t<div class=\"lab-divider-content\"><\/div>\n\t<\/div>\n\t<h3 style=\"color: #0a0a0a;text-align: left\" class=\"vc_custom_heading wpb_animate_when_almost_visible wpb_fadeIn fadeIn\" >Urban development and architectural competition including landscaping aspects.<\/h3><div class=\"vc_empty_space\"   style=\"height: 10px\"><span class=\"vc_empty_space_inner\"><\/span><\/div>\n\t<div class=\"wpb_text_column wpb_content_element  wpb_animate_when_almost_visible wpb_fadeIn fadeIn post-formatting\" >\n\t\t<div class=\"wpb_wrapper\">\n\t\t\t<p class=\"p1\"><span class=\"s1\">The brief called for a minimum of 100 appartements. It should result in a mix of subsidized flats and typical condimindiums alongside a public green area on this former school property.<\/span><\/p>\n\n\t\t<\/div>\n\t<\/div>\n<div  class=\"vc_toggle vc_toggle_simple vc_toggle_color_default  vc_toggle_size_md    wpb_animate_when_almost_visible wpb_fadeIn fadeIn\"><div class=\"vc_toggle_title\"><h4>info<\/h4><i class=\"vc_toggle_icon\"><\/i><\/div><div class=\"vc_toggle_content\"><p class=\"p1\"><span class=\"s1\" style=\"color: #000000;\">Based on the complex architectural requirements an urban development concept needed to be designed. It had to bear in mind the the trees worth preserving and the need for noise protection regarding the M\u00fchlendamm<\/span><\/p>\n<p class=\"p1\"><span style=\"color: #000000;\"><span class=\"s1\">Seven four-story passivehouses group around the trees and incorporate them by forming several courts. The buildings along the M\u00fchlendamm block the noise from the street\u00a0<\/span><span class=\"s2\"><br \/>\n<\/span><span class=\"s1\">Different sized appartements characterized by diversity and quality make up the inside of the hybrid buildings<\/span><\/span><\/p>\n<p><span class=\"s1\">The facades consist of highly insulated timber construction. Wood panelling and plaster make for the visible outer layer. In parts the vertical garden elements and glass cubes introduce some variety in the facades design<\/span><\/p>\n<p><span style=\"color: #000000;\"><strong>gross area<\/strong>\u00a013.135 m<sup>2<br \/>\n<\/sup><strong>year<\/strong>\u00a02010<\/span><br \/>\n<span style=\"color: #000000;\"><strong>size<\/strong>\u00a0106 Wohneinheiten<\/span><br \/>\n<span style=\"color: #000000;\"><strong>Competition<\/strong>\u00a0NeuStadtArchitekten Diesing Bulla GbR<\/span><br \/>\n<span style=\"color: #000000;\"><strong>planning\u00a0<\/strong>Petra Diesing, Horst Stapelfeldt, Sven Liebrecht, Susanne B\u00e4r<strong><br \/>\nclient\u00a0<\/strong><a style=\"color: #000000;\" href=\"http:\/\/www.steg-hamburg.de\/\" target=\"_blank\" rel=\"noopener noreferrer\">steg Hamburg, Agentur f\u00fcr Baugemeinschaften<\/a><\/span><\/p>\n<p><a style=\"color: #000000;\" href=\"http:\/\/neustadtarchitekten.de\/wp-content\/uploads\/2019\/05\/Neustadtarchitekten-Wettbewerb-Ifflandstra\u00dfe-de.pdf\" target=\"_blank\" rel=\"noopener noreferrer\">pdf|de<\/a> \u00a0<a style=\"color: #000000;\" href=\"http:\/\/neustadtarchitekten.de\/wp-content\/uploads\/2019\/05\/Neustadtarchitekten-Greencity-en.pdf\" target=\"_blank\" rel=\"noopener noreferrer\">pdf|en<\/a><\/p>\n<\/div><\/div><div class=\"portfolio-like-share-vc alignment-left\">\n\t<\/div><\/div><\/div><\/div><\/div><div class=\"vc_row-full-width vc_clearfix\"><\/div><\/div><div class=\"vc-row-container container\"><div class=\"vc_row wpb_row vc_row-fluid vc_custom_1498640522187 vc_row-has-fill\"><div class=\"wpb_column vc_column_container vc_col-sm-12\"><div class=\"vc_column-inner vc_custom_1498640518335\"><div class=\"wpb_wrapper\">\n\t<div  class=\"wpb_single_image wpb_content_element vc_align_center  wpb_animate_when_almost_visible wpb_fadeIn fadeIn vc_custom_1554155155905\">\n\t\t\n\t\t<figure class=\"wpb_wrapper vc_figure\">\n\t\t\t<div class=\"vc_single_image-wrapper   vc_box_border_grey\"><img loading=\"lazy\" decoding=\"async\" width=\"945\" height=\"473\" src=\"https:\/\/neustadtarchitekten.de\/wp-content\/uploads\/2019\/03\/GreencitySchwarzplan-1024x512.jpg\" class=\"vc_single_image-img attachment-large\" alt=\"\" title=\"GreencitySchwarzplan\" srcset=\"https:\/\/neustadtarchitekten.de\/wp-content\/uploads\/2019\/03\/GreencitySchwarzplan-1024x512.jpg 1024w, https:\/\/neustadtarchitekten.de\/wp-content\/uploads\/2019\/03\/GreencitySchwarzplan-300x150.jpg 300w, https:\/\/neustadtarchitekten.de\/wp-content\/uploads\/2019\/03\/GreencitySchwarzplan-768x384.jpg 768w, https:\/\/neustadtarchitekten.de\/wp-content\/uploads\/2019\/03\/GreencitySchwarzplan-1612x806.jpg 1612w, https:\/\/neustadtarchitekten.de\/wp-content\/uploads\/2019\/03\/GreencitySchwarzplan-1116x558.jpg 1116w, https:\/\/neustadtarchitekten.de\/wp-content\/uploads\/2019\/03\/GreencitySchwarzplan-806x403.jpg 806w, https:\/\/neustadtarchitekten.de\/wp-content\/uploads\/2019\/03\/GreencitySchwarzplan-558x279.jpg 558w, https:\/\/neustadtarchitekten.de\/wp-content\/uploads\/2019\/03\/GreencitySchwarzplan-655x328.jpg 655w, https:\/\/neustadtarchitekten.de\/wp-content\/uploads\/2019\/03\/GreencitySchwarzplan.jpg 1800w\" sizes=\"auto, (max-width: 945px) 100vw, 945px\" \/><\/div>\n\t\t<\/figure>\n\t<\/div>\n<\/div><\/div><\/div><\/div><\/div><div class=\"vc-row-container container\"><section class=\"vc_section vc_custom_1552492858396\"><div class=\"vc-row-container container\"><div class=\"vc_row wpb_row vc_row-fluid\"><div class=\"wpb_column vc_column_container vc_col-sm-12\"><div class=\"vc_column-inner\"><div class=\"wpb_wrapper\">\n\t<div class=\"wpb_text_column wpb_content_element  wpb_animate_when_almost_visible wpb_fadeIn fadeIn post-formatting\" >\n\t\t<div class=\"wpb_wrapper\">\n\t\t\t<p style=\"text-align: center;\"><span style=\"color: #000000;\"><strong>gross area<\/strong> 13.135 m\u00b2\u00a0 \/\/\u00a0 <strong>size<\/strong> 110 Wohneinheiten \/\/\u00a0 <strong>year<\/strong> 2010 \/\/\u00a0 <strong>Competition <\/strong>Neustadtarchitekten<br \/>\n<\/span><\/p>\n\n\t\t<\/div>\n\t<\/div>\n<\/div><\/div><\/div><\/div><\/div><\/section><\/div><div class=\"vc-row-container vc-row-container--stretch-content-no-spaces\"><div data-vc-full-width=\"true\" data-vc-full-width-init=\"false\" data-vc-stretch-content=\"true\" class=\"vc_row wpb_row vc_row-fluid vc_custom_1484146456030 vc_row-no-padding\"><div class=\"wpb_animate_when_almost_visible wpb_fadeIn fadeIn wpb_column vc_column_container vc_col-sm-12\"><div class=\"vc_column-inner\"><div class=\"wpb_wrapper\">\n\t<div  class=\"wpb_single_image wpb_content_element vc_align_center  wpb_animate_when_almost_visible wpb_fadeIn fadeIn\">\n\t\t\n\t\t<figure class=\"wpb_wrapper vc_figure\">\n\t\t\t<div class=\"vc_single_image-wrapper   vc_box_border_grey\"><img loading=\"lazy\" decoding=\"async\" width=\"945\" height=\"746\" src=\"https:\/\/neustadtarchitekten.de\/wp-content\/uploads\/2019\/03\/Bild2-3-1024x808.jpg\" class=\"vc_single_image-img attachment-large\" alt=\"\" title=\"Bild2\" srcset=\"https:\/\/neustadtarchitekten.de\/wp-content\/uploads\/2019\/03\/Bild2-3-1024x808.jpg 1024w, https:\/\/neustadtarchitekten.de\/wp-content\/uploads\/2019\/03\/Bild2-3-300x237.jpg 300w, https:\/\/neustadtarchitekten.de\/wp-content\/uploads\/2019\/03\/Bild2-3-768x606.jpg 768w, https:\/\/neustadtarchitekten.de\/wp-content\/uploads\/2019\/03\/Bild2-3-1612x1273.jpg 1612w, https:\/\/neustadtarchitekten.de\/wp-content\/uploads\/2019\/03\/Bild2-3-1116x881.jpg 1116w, https:\/\/neustadtarchitekten.de\/wp-content\/uploads\/2019\/03\/Bild2-3-806x636.jpg 806w, https:\/\/neustadtarchitekten.de\/wp-content\/uploads\/2019\/03\/Bild2-3-558x441.jpg 558w, https:\/\/neustadtarchitekten.de\/wp-content\/uploads\/2019\/03\/Bild2-3-655x517.jpg 655w, https:\/\/neustadtarchitekten.de\/wp-content\/uploads\/2019\/03\/Bild2-3.jpg 1900w\" sizes=\"auto, (max-width: 945px) 100vw, 945px\" \/><\/div>\n\t\t<\/figure>\n\t<\/div>\n\n\t<div  class=\"wpb_single_image wpb_content_element vc_align_center  wpb_animate_when_almost_visible wpb_fadeIn fadeIn\">\n\t\t\n\t\t<figure class=\"wpb_wrapper vc_figure\">\n\t\t\t<div class=\"vc_single_image-wrapper   vc_box_border_grey\"><img loading=\"lazy\" decoding=\"async\" width=\"945\" height=\"746\" src=\"https:\/\/neustadtarchitekten.de\/wp-content\/uploads\/2019\/03\/Bild3-2-1024x808.jpg\" class=\"vc_single_image-img attachment-large\" alt=\"\" title=\"Bild3\" srcset=\"https:\/\/neustadtarchitekten.de\/wp-content\/uploads\/2019\/03\/Bild3-2-1024x808.jpg 1024w, https:\/\/neustadtarchitekten.de\/wp-content\/uploads\/2019\/03\/Bild3-2-300x237.jpg 300w, https:\/\/neustadtarchitekten.de\/wp-content\/uploads\/2019\/03\/Bild3-2-768x606.jpg 768w, https:\/\/neustadtarchitekten.de\/wp-content\/uploads\/2019\/03\/Bild3-2-1612x1273.jpg 1612w, https:\/\/neustadtarchitekten.de\/wp-content\/uploads\/2019\/03\/Bild3-2-1116x881.jpg 1116w, https:\/\/neustadtarchitekten.de\/wp-content\/uploads\/2019\/03\/Bild3-2-806x636.jpg 806w, https:\/\/neustadtarchitekten.de\/wp-content\/uploads\/2019\/03\/Bild3-2-558x441.jpg 558w, https:\/\/neustadtarchitekten.de\/wp-content\/uploads\/2019\/03\/Bild3-2-655x517.jpg 655w, https:\/\/neustadtarchitekten.de\/wp-content\/uploads\/2019\/03\/Bild3-2.jpg 1900w\" sizes=\"auto, (max-width: 945px) 100vw, 945px\" \/><\/div>\n\t\t<\/figure>\n\t<\/div>\n\n\t<div  class=\"wpb_single_image wpb_content_element vc_align_center  wpb_animate_when_almost_visible wpb_fadeIn fadeIn\">\n\t\t\n\t\t<figure class=\"wpb_wrapper vc_figure\">\n\t\t\t<div class=\"vc_single_image-wrapper   vc_box_border_grey\"><img loading=\"lazy\" decoding=\"async\" width=\"945\" height=\"497\" src=\"https:\/\/neustadtarchitekten.de\/wp-content\/uploads\/2019\/03\/GRundrissEG-1024x539.jpg\" class=\"vc_single_image-img attachment-large\" alt=\"\" title=\"GRundrissEG\" srcset=\"https:\/\/neustadtarchitekten.de\/wp-content\/uploads\/2019\/03\/GRundrissEG-1024x539.jpg 1024w, https:\/\/neustadtarchitekten.de\/wp-content\/uploads\/2019\/03\/GRundrissEG-300x158.jpg 300w, https:\/\/neustadtarchitekten.de\/wp-content\/uploads\/2019\/03\/GRundrissEG-768x404.jpg 768w, https:\/\/neustadtarchitekten.de\/wp-content\/uploads\/2019\/03\/GRundrissEG-1612x848.jpg 1612w, https:\/\/neustadtarchitekten.de\/wp-content\/uploads\/2019\/03\/GRundrissEG-1116x587.jpg 1116w, https:\/\/neustadtarchitekten.de\/wp-content\/uploads\/2019\/03\/GRundrissEG-806x424.jpg 806w, https:\/\/neustadtarchitekten.de\/wp-content\/uploads\/2019\/03\/GRundrissEG-558x294.jpg 558w, https:\/\/neustadtarchitekten.de\/wp-content\/uploads\/2019\/03\/GRundrissEG-655x345.jpg 655w, https:\/\/neustadtarchitekten.de\/wp-content\/uploads\/2019\/03\/GRundrissEG.jpg 1900w\" sizes=\"auto, (max-width: 945px) 100vw, 945px\" \/><\/div>\n\t\t<\/figure>\n\t<\/div>\n\n\t<div  class=\"wpb_single_image wpb_content_element vc_align_center  wpb_animate_when_almost_visible wpb_fadeIn fadeIn\">\n\t\t\n\t\t<figure class=\"wpb_wrapper vc_figure\">\n\t\t\t<div class=\"vc_single_image-wrapper   vc_box_border_grey\"><img loading=\"lazy\" decoding=\"async\" width=\"945\" height=\"497\" src=\"https:\/\/neustadtarchitekten.de\/wp-content\/uploads\/2019\/03\/GRundriss2OG-1024x539.jpg\" class=\"vc_single_image-img attachment-large\" alt=\"\" title=\"GRundriss2OG\" srcset=\"https:\/\/neustadtarchitekten.de\/wp-content\/uploads\/2019\/03\/GRundriss2OG-1024x539.jpg 1024w, https:\/\/neustadtarchitekten.de\/wp-content\/uploads\/2019\/03\/GRundriss2OG-300x158.jpg 300w, https:\/\/neustadtarchitekten.de\/wp-content\/uploads\/2019\/03\/GRundriss2OG-768x404.jpg 768w, https:\/\/neustadtarchitekten.de\/wp-content\/uploads\/2019\/03\/GRundriss2OG-1612x848.jpg 1612w, https:\/\/neustadtarchitekten.de\/wp-content\/uploads\/2019\/03\/GRundriss2OG-1116x587.jpg 1116w, https:\/\/neustadtarchitekten.de\/wp-content\/uploads\/2019\/03\/GRundriss2OG-806x424.jpg 806w, https:\/\/neustadtarchitekten.de\/wp-content\/uploads\/2019\/03\/GRundriss2OG-558x294.jpg 558w, https:\/\/neustadtarchitekten.de\/wp-content\/uploads\/2019\/03\/GRundriss2OG-655x345.jpg 655w, https:\/\/neustadtarchitekten.de\/wp-content\/uploads\/2019\/03\/GRundriss2OG.jpg 1900w\" sizes=\"auto, (max-width: 945px) 100vw, 945px\" \/><\/div>\n\t\t<\/figure>\n\t<\/div>\n<\/div><\/div><\/div><\/div><div class=\"vc_row-full-width vc_clearfix\"><\/div><\/div>\n<\/div>","protected":false},"excerpt":{"rendered":"Wettbewerb Ifflandstra\u00dfe St\u00e4dtebaulich-hochbaulicher Realisierungswettbewerb mit landschaftsplanerischem Ideenteil Ziel des Wettbewerbs war die Schaffung von mindestens 100 Wohneinheiten, gef\u00f6rderte Miet- und Eigentumswohnungen, und eine neue \u00f6ffentliche Gr\u00fcnfl\u00e4che auf dem ehemaligen Schulgrundst\u00fcck Ifflandstrasse infoEs galt auf Grundlage von komplexen hochbaulichen Anforderungen ein st\u00e4dtebauliches Konzept zu entwickeln, das dem erhaltenswerten Baumbestand und den L\u00e4rmimissionen des M\u00fchlendamms Rechnung tr\u00e4gt.&hellip;","protected":false},"author":1,"featured_media":5291,"comment_status":"closed","ping_status":"closed","template":"","meta":{"footnotes":""},"portfolio_category":[89,22,21],"portfolio_tag":[],"class_list":["post-5397","portfolio","type-portfolio","status-publish","has-post-thumbnail","hentry","portfolio_category-baugemeinschaft","portfolio_category-wettbewerb","portfolio_category-wohnen"],"acf":[],"yoast_head":"<!-- This site is optimized with the Yoast SEO plugin v25.3 - https:\/\/yoast.com\/wordpress\/plugins\/seo\/ -->\n<title>Wettbewerb Ifflandstra\u00dfe Baugemeinschaft St\u00e4dtebau<\/title>\n<meta name=\"robots\" content=\"index, follow, max-snippet:-1, max-image-preview:large, max-video-preview:-1\" \/>\n<link rel=\"canonical\" href=\"https:\/\/neustadtarchitekten.de\/en\/portfolio\/wettbewerb-ifflandstrasse\/\" \/>\n<meta property=\"og:locale\" content=\"en_US\" \/>\n<meta property=\"og:type\" content=\"article\" \/>\n<meta property=\"og:title\" content=\"Wettbewerb Ifflandstra\u00dfe Baugemeinschaft St\u00e4dtebau\" \/>\n<meta property=\"og:url\" content=\"https:\/\/neustadtarchitekten.de\/en\/portfolio\/wettbewerb-ifflandstrasse\/\" \/>\n<meta property=\"og:site_name\" content=\"Neustadtarchitekten\" \/>\n<meta property=\"article:publisher\" content=\"https:\/\/www.facebook.com\/Neustadtarchitekten-282231286044257\" \/>\n<meta property=\"article:modified_time\" content=\"2023-10-20T11:49:12+00:00\" \/>\n<meta property=\"og:image\" content=\"https:\/\/neustadtarchitekten.de\/wp-content\/uploads\/2019\/03\/Bild1-6.jpg\" \/>\n\t<meta property=\"og:image:width\" content=\"1900\" \/>\n\t<meta property=\"og:image:height\" content=\"1500\" \/>\n\t<meta property=\"og:image:type\" content=\"image\/jpeg\" \/>\n<meta name=\"twitter:card\" content=\"summary_large_image\" \/>\n<meta name=\"twitter:label1\" content=\"Est. reading time\" \/>\n\t<meta name=\"twitter:data1\" content=\"2 minutes\" \/>\n<script type=\"application\/ld+json\" class=\"yoast-schema-graph\">{\"@context\":\"https:\/\/schema.org\",\"@graph\":[{\"@type\":\"WebPage\",\"@id\":\"https:\/\/neustadtarchitekten.de\/portfolio\/wettbewerb-ifflandstrasse\/\",\"url\":\"https:\/\/neustadtarchitekten.de\/portfolio\/wettbewerb-ifflandstrasse\/\",\"name\":\"Wettbewerb Ifflandstra\u00dfe Baugemeinschaft St\u00e4dtebau\",\"isPartOf\":{\"@id\":\"https:\/\/neustadtarchitekten.de\/#website\"},\"primaryImageOfPage\":{\"@id\":\"https:\/\/neustadtarchitekten.de\/portfolio\/wettbewerb-ifflandstrasse\/#primaryimage\"},\"image\":{\"@id\":\"https:\/\/neustadtarchitekten.de\/portfolio\/wettbewerb-ifflandstrasse\/#primaryimage\"},\"thumbnailUrl\":\"https:\/\/neustadtarchitekten.de\/wp-content\/uploads\/2019\/03\/Bild1-6.jpg\",\"datePublished\":\"2019-03-02T11:50:24+00:00\",\"dateModified\":\"2023-10-20T11:49:12+00:00\",\"breadcrumb\":{\"@id\":\"https:\/\/neustadtarchitekten.de\/portfolio\/wettbewerb-ifflandstrasse\/#breadcrumb\"},\"inLanguage\":\"en-US\",\"potentialAction\":[{\"@type\":\"ReadAction\",\"target\":[\"https:\/\/neustadtarchitekten.de\/portfolio\/wettbewerb-ifflandstrasse\/\"]}]},{\"@type\":\"ImageObject\",\"inLanguage\":\"en-US\",\"@id\":\"https:\/\/neustadtarchitekten.de\/portfolio\/wettbewerb-ifflandstrasse\/#primaryimage\",\"url\":\"https:\/\/neustadtarchitekten.de\/wp-content\/uploads\/2019\/03\/Bild1-6.jpg\",\"contentUrl\":\"https:\/\/neustadtarchitekten.de\/wp-content\/uploads\/2019\/03\/Bild1-6.jpg\",\"width\":1900,\"height\":1500},{\"@type\":\"BreadcrumbList\",\"@id\":\"https:\/\/neustadtarchitekten.de\/portfolio\/wettbewerb-ifflandstrasse\/#breadcrumb\",\"itemListElement\":[{\"@type\":\"ListItem\",\"position\":1,\"name\":\"Startseite\",\"item\":\"https:\/\/neustadtarchitekten.de\/\"},{\"@type\":\"ListItem\",\"position\":2,\"name\":\"Portfolio\",\"item\":\"https:\/\/neustadtarchitekten.de\/portfolio\/\"},{\"@type\":\"ListItem\",\"position\":3,\"name\":\"Wettbewerb Ifflandstra\u00dfe\"}]},{\"@type\":\"WebSite\",\"@id\":\"https:\/\/neustadtarchitekten.de\/#website\",\"url\":\"https:\/\/neustadtarchitekten.de\/\",\"name\":\"Neustadtarchitekten\",\"description\":\"Projekte und Aktuelles aus unserem Architekturb\u00fcro\",\"potentialAction\":[{\"@type\":\"SearchAction\",\"target\":{\"@type\":\"EntryPoint\",\"urlTemplate\":\"https:\/\/neustadtarchitekten.de\/?s={search_term_string}\"},\"query-input\":{\"@type\":\"PropertyValueSpecification\",\"valueRequired\":true,\"valueName\":\"search_term_string\"}}],\"inLanguage\":\"en-US\"}]}<\/script>\n<!-- \/ Yoast SEO plugin. -->","yoast_head_json":{"title":"Wettbewerb Ifflandstra\u00dfe Baugemeinschaft St\u00e4dtebau","robots":{"index":"index","follow":"follow","max-snippet":"max-snippet:-1","max-image-preview":"max-image-preview:large","max-video-preview":"max-video-preview:-1"},"canonical":"https:\/\/neustadtarchitekten.de\/en\/portfolio\/wettbewerb-ifflandstrasse\/","og_locale":"en_US","og_type":"article","og_title":"Wettbewerb Ifflandstra\u00dfe Baugemeinschaft St\u00e4dtebau","og_url":"https:\/\/neustadtarchitekten.de\/en\/portfolio\/wettbewerb-ifflandstrasse\/","og_site_name":"Neustadtarchitekten","article_publisher":"https:\/\/www.facebook.com\/Neustadtarchitekten-282231286044257","article_modified_time":"2023-10-20T11:49:12+00:00","og_image":[{"width":1900,"height":1500,"url":"https:\/\/neustadtarchitekten.de\/wp-content\/uploads\/2019\/03\/Bild1-6.jpg","type":"image\/jpeg"}],"twitter_card":"summary_large_image","twitter_misc":{"Est. reading time":"2 minutes"},"schema":{"@context":"https:\/\/schema.org","@graph":[{"@type":"WebPage","@id":"https:\/\/neustadtarchitekten.de\/portfolio\/wettbewerb-ifflandstrasse\/","url":"https:\/\/neustadtarchitekten.de\/portfolio\/wettbewerb-ifflandstrasse\/","name":"Wettbewerb Ifflandstra\u00dfe Baugemeinschaft St\u00e4dtebau","isPartOf":{"@id":"https:\/\/neustadtarchitekten.de\/#website"},"primaryImageOfPage":{"@id":"https:\/\/neustadtarchitekten.de\/portfolio\/wettbewerb-ifflandstrasse\/#primaryimage"},"image":{"@id":"https:\/\/neustadtarchitekten.de\/portfolio\/wettbewerb-ifflandstrasse\/#primaryimage"},"thumbnailUrl":"https:\/\/neustadtarchitekten.de\/wp-content\/uploads\/2019\/03\/Bild1-6.jpg","datePublished":"2019-03-02T11:50:24+00:00","dateModified":"2023-10-20T11:49:12+00:00","breadcrumb":{"@id":"https:\/\/neustadtarchitekten.de\/portfolio\/wettbewerb-ifflandstrasse\/#breadcrumb"},"inLanguage":"en-US","potentialAction":[{"@type":"ReadAction","target":["https:\/\/neustadtarchitekten.de\/portfolio\/wettbewerb-ifflandstrasse\/"]}]},{"@type":"ImageObject","inLanguage":"en-US","@id":"https:\/\/neustadtarchitekten.de\/portfolio\/wettbewerb-ifflandstrasse\/#primaryimage","url":"https:\/\/neustadtarchitekten.de\/wp-content\/uploads\/2019\/03\/Bild1-6.jpg","contentUrl":"https:\/\/neustadtarchitekten.de\/wp-content\/uploads\/2019\/03\/Bild1-6.jpg","width":1900,"height":1500},{"@type":"BreadcrumbList","@id":"https:\/\/neustadtarchitekten.de\/portfolio\/wettbewerb-ifflandstrasse\/#breadcrumb","itemListElement":[{"@type":"ListItem","position":1,"name":"Startseite","item":"https:\/\/neustadtarchitekten.de\/"},{"@type":"ListItem","position":2,"name":"Portfolio","item":"https:\/\/neustadtarchitekten.de\/portfolio\/"},{"@type":"ListItem","position":3,"name":"Wettbewerb Ifflandstra\u00dfe"}]},{"@type":"WebSite","@id":"https:\/\/neustadtarchitekten.de\/#website","url":"https:\/\/neustadtarchitekten.de\/","name":"Neustadtarchitekten","description":"Projekte und Aktuelles aus unserem Architekturb\u00fcro","potentialAction":[{"@type":"SearchAction","target":{"@type":"EntryPoint","urlTemplate":"https:\/\/neustadtarchitekten.de\/?s={search_term_string}"},"query-input":{"@type":"PropertyValueSpecification","valueRequired":true,"valueName":"search_term_string"}}],"inLanguage":"en-US"}]}},"_links":{"self":[{"href":"https:\/\/neustadtarchitekten.de\/en\/wp-json\/wp\/v2\/portfolio\/5397","targetHints":{"allow":["GET"]}}],"collection":[{"href":"https:\/\/neustadtarchitekten.de\/en\/wp-json\/wp\/v2\/portfolio"}],"about":[{"href":"https:\/\/neustadtarchitekten.de\/en\/wp-json\/wp\/v2\/types\/portfolio"}],"author":[{"embeddable":true,"href":"https:\/\/neustadtarchitekten.de\/en\/wp-json\/wp\/v2\/users\/1"}],"replies":[{"embeddable":true,"href":"https:\/\/neustadtarchitekten.de\/en\/wp-json\/wp\/v2\/comments?post=5397"}],"version-history":[{"count":10,"href":"https:\/\/neustadtarchitekten.de\/en\/wp-json\/wp\/v2\/portfolio\/5397\/revisions"}],"predecessor-version":[{"id":7775,"href":"https:\/\/neustadtarchitekten.de\/en\/wp-json\/wp\/v2\/portfolio\/5397\/revisions\/7775"}],"wp:featuredmedia":[{"embeddable":true,"href":"https:\/\/neustadtarchitekten.de\/en\/wp-json\/wp\/v2\/media\/5291"}],"wp:attachment":[{"href":"https:\/\/neustadtarchitekten.de\/en\/wp-json\/wp\/v2\/media?parent=5397"}],"wp:term":[{"taxonomy":"portfolio_category","embeddable":true,"href":"https:\/\/neustadtarchitekten.de\/en\/wp-json\/wp\/v2\/portfolio_category?post=5397"},{"taxonomy":"portfolio_tag","embeddable":true,"href":"https:\/\/neustadtarchitekten.de\/en\/wp-json\/wp\/v2\/portfolio_tag?post=5397"}],"curies":[{"name":"wp","href":"https:\/\/api.w.org\/{rel}","templated":true}]}}